{"id":1717,"date":"2025-07-24T21:21:11","date_gmt":"2025-07-24T19:21:11","guid":{"rendered":"https:\/\/campingleplo.fr\/v\/?page_id=1717"},"modified":"2025-07-24T21:57:37","modified_gmt":"2025-07-24T19:57:37","slug":"salle-de-reception-2","status":"publish","type":"page","link":"https:\/\/campingleplo.fr\/v\/salle-de-reception-2\/","title":{"rendered":"Salle de r\u00e9ception"},"content":{"rendered":"\n<div class=\"wp-block-uagb-container uagb-block-6803eae3 alignfull uagb-is-root-container\"><div class=\"uagb-container-inner-blocks-wrap\">\n<div class=\"wp-block-uagb-advanced-heading uagb-block-a2f9964e\"><h1 class=\"uagb-heading-text\">Salle de r\u00e9ception<\/h1><\/div>\n<\/div><\/div>\n\n\n\n<div class=\"wp-block-uagb-container uagb-block-623363c6 alignfull uagb-is-root-container\"><div class=\"uagb-container-inner-blocks-wrap\">\n<div class=\"wp-block-uagb-info-box uagb-block-3801b6ed uagb-infobox__content-wrap  uagb-infobox-icon-above-title uagb-infobox-image-valign-top\"><div class=\"uagb-ifb-content\"><div class=\"uagb-ifb-title-wrap\"><h2 class=\"uagb-ifb-title\">Location de salle de r\u00e9ception<\/h2><\/div><p class=\"uagb-ifb-desc\">au Camping Le Pl\u00f4 \u2013 Aveyron, pr\u00e8s de l\u2019A75<\/p><\/div><\/div>\n\n\n\n<div class=\"wp-block-uagb-container uagb-block-e91230d3\">\n<div class=\"wp-block-uagb-container uagb-block-b46395ef\">\n<div class=\"wp-block-uagb-image alignleft uagb-block-4ff9da3f wp-block-uagb-image--layout-default wp-block-uagb-image--effect-static wp-block-uagb-image--align-left\"><figure class=\"wp-block-uagb-image__figure\"><img loading=\"lazy\" decoding=\"async\" srcset=\"https:\/\/campingleplo.fr\/v\/wp-content\/uploads\/2025\/07\/dceecab9-5f18-49fd-92bc-da5a632c27c9-1024x768.jpg ,https:\/\/campingleplo.fr\/v\/wp-content\/uploads\/2025\/07\/dceecab9-5f18-49fd-92bc-da5a632c27c9-scaled.jpg 780w, https:\/\/campingleplo.fr\/v\/wp-content\/uploads\/2025\/07\/dceecab9-5f18-49fd-92bc-da5a632c27c9-scaled.jpg 360w\" sizes=\"auto, (max-width: 480px) 150px\" src=\"https:\/\/campingleplo.fr\/v\/wp-content\/uploads\/2025\/07\/dceecab9-5f18-49fd-92bc-da5a632c27c9-1024x768.jpg\" alt=\"\" class=\"uag-image-1722\" width=\"560\" height=\"500\" title=\"dceecab9-5f18-49fd-92bc-da5a632c27c9\" loading=\"lazy\" role=\"img\"\/><\/figure><\/div>\n<\/div>\n\n\n\n<div class=\"wp-block-uagb-container uagb-block-7621abb2\">\n<div class=\"wp-block-uagb-info-box uagb-block-f3d2d6b2 uagb-infobox__content-wrap  uagb-infobox-icon-above-title uagb-infobox-image-valign-top\"><div class=\"uagb-ifb-content\"><div class=\"uagb-ifb-title-wrap\"><h3 class=\"uagb-ifb-title\"><strong>Un lieu polyvalent pour tous vos \u00e9v\u00e9nements<\/strong><\/h3><\/div><p class=\"uagb-ifb-desc\">Vous recherchez une salle conviviale et chaleureuse pour vos \u00e9v\u00e9nements priv\u00e9s ou professionnels\u202f? Le Camping Le Pl\u00f4, situ\u00e9 \u00e0 seulement 2 minutes de l\u2019A75, vous propose une salle de r\u00e9ception enti\u00e8rement \u00e9quip\u00e9e, id\u00e9ale pour vos mariages, anniversaires, r\u00e9unions, s\u00e9minaires ou repas d\u2019associations.<br><\/p><\/div><\/div>\n<\/div>\n<\/div>\n\n\n\n<div class=\"wp-block-uagb-container uagb-block-3893b8aa\">\n<div class=\"wp-block-uagb-container uagb-block-b02b419f\">\n<div class=\"wp-block-uagb-image alignright uagb-block-2622f629 wp-block-uagb-image--layout-default wp-block-uagb-image--effect-static wp-block-uagb-image--align-right\"><figure class=\"wp-block-uagb-image__figure\"><img loading=\"lazy\" decoding=\"async\" srcset=\"https:\/\/campingleplo.fr\/v\/wp-content\/uploads\/2025\/07\/25c21220-3e61-4446-9910-df005d10adfb-1024x768.jpg ,https:\/\/campingleplo.fr\/v\/wp-content\/uploads\/2025\/07\/25c21220-3e61-4446-9910-df005d10adfb-scaled.jpg 780w, https:\/\/campingleplo.fr\/v\/wp-content\/uploads\/2025\/07\/25c21220-3e61-4446-9910-df005d10adfb-scaled.jpg 360w\" sizes=\"auto, (max-width: 480px) 150px\" src=\"https:\/\/campingleplo.fr\/v\/wp-content\/uploads\/2025\/07\/25c21220-3e61-4446-9910-df005d10adfb-1024x768.jpg\" alt=\"\" class=\"uag-image-1723\" width=\"560\" height=\"500\" title=\"25c21220-3e61-4446-9910-df005d10adfb\" loading=\"lazy\" role=\"img\"\/><\/figure><\/div>\n<\/div>\n\n\n\n<div class=\"wp-block-uagb-container uagb-block-862a6668\">\n<div class=\"wp-block-uagb-info-box uagb-block-411c16f4 uagb-infobox__content-wrap  uagb-infobox-icon-above-title uagb-infobox-image-valign-top\"><div class=\"uagb-ifb-content\"><div class=\"uagb-ifb-title-wrap\"><h3 class=\"uagb-ifb-title\"><strong>Description de la salle<\/strong><\/h3><\/div><p class=\"uagb-ifb-desc\">\u2022 Capacit\u00e9 : jusqu\u2019\u00e0 100 personnes<br>\u2022 \u00c9quipements : tables, chaises, sonorisation, projecteur, \u00e9clairage<br>\u2022 Cadre : en pleine nature, calme et facilement accessible<br>\u2022 Parking : gratuit et spacieux<\/p><\/div><\/div>\n\n\n\n<div class=\"wp-block-uagb-info-box uagb-block-fe231345 uagb-infobox__content-wrap  uagb-infobox-icon-above-title uagb-infobox-image-valign-top\"><div class=\"uagb-ifb-content\"><div class=\"uagb-ifb-title-wrap\"><h3 class=\"uagb-ifb-title\"><strong><strong><strong>Services disponibles<\/strong><\/strong><\/strong><\/h3><\/div><p class=\"uagb-ifb-desc\"><img decoding=\"async\" height=\"16\" width=\"16\" src=\"https:\/\/static.xx.fbcdn.net\/images\/emoji.php\/v9\/t33\/1\/16\/2705.png\" alt=\"\u2705\"> Piscine chauff\u00e9e (en saison) <br><img decoding=\"async\" height=\"16\" width=\"16\" src=\"https:\/\/static.xx.fbcdn.net\/images\/emoji.php\/v9\/t33\/1\/16\/2705.png\" alt=\"\u2705\"> Restauration sur place : repas sur mesure, ap\u00e9ritifs, desserts <br><img decoding=\"async\" height=\"16\" width=\"16\" src=\"https:\/\/static.xx.fbcdn.net\/images\/emoji.php\/v9\/t33\/1\/16\/2705.png\" alt=\"\u2705\"> H\u00e9bergements : mobil-homes, chalets, emplacements <br><img decoding=\"async\" height=\"16\" width=\"16\" src=\"https:\/\/static.xx.fbcdn.net\/images\/emoji.php\/v9\/t33\/1\/16\/2705.png\" alt=\"\u2705\"> Possibilit\u00e9 de privatiser une partie du camping pour vos invit\u00e9s<\/p><\/div><\/div>\n<\/div>\n<\/div>\n\n\n\n<div class=\"wp-block-uagb-container uagb-block-64c2a67e\">\n<div class=\"wp-block-uagb-container uagb-block-3fbfeeed\">\n<div class=\"wp-block-uagb-image alignleft uagb-block-5517d747 wp-block-uagb-image--layout-default wp-block-uagb-image--effect-static wp-block-uagb-image--align-left\"><figure class=\"wp-block-uagb-image__figure\"><img loading=\"lazy\" decoding=\"async\" srcset=\"https:\/\/campingleplo.fr\/v\/wp-content\/uploads\/2025\/07\/b7246b20-ff8d-4e83-a6cf-40a6744b77ac-1024x768.jpg ,https:\/\/campingleplo.fr\/v\/wp-content\/uploads\/2025\/07\/b7246b20-ff8d-4e83-a6cf-40a6744b77ac-scaled.jpg 780w, https:\/\/campingleplo.fr\/v\/wp-content\/uploads\/2025\/07\/b7246b20-ff8d-4e83-a6cf-40a6744b77ac-scaled.jpg 360w\" sizes=\"auto, (max-width: 480px) 150px\" src=\"https:\/\/campingleplo.fr\/v\/wp-content\/uploads\/2025\/07\/b7246b20-ff8d-4e83-a6cf-40a6744b77ac-1024x768.jpg\" alt=\"\" class=\"uag-image-1726\" width=\"560\" height=\"500\" title=\"b7246b20-ff8d-4e83-a6cf-40a6744b77ac\" loading=\"lazy\" role=\"img\"\/><\/figure><\/div>\n<\/div>\n\n\n\n<div class=\"wp-block-uagb-container uagb-block-4906a1e2\">\n<div class=\"wp-block-uagb-info-box uagb-block-b2c48bb3 uagb-infobox__content-wrap  uagb-infobox-icon-above-title uagb-infobox-image-valign-top\"><div class=\"uagb-ifb-content\"><div class=\"uagb-ifb-title-wrap\"><h3 class=\"uagb-ifb-title\"><strong><strong><strong><strong>Pour qui\u202f?<\/strong><\/strong><\/strong><\/strong><\/h3><\/div><p class=\"uagb-ifb-desc\">\u2022 Particuliers : mariages, anniversaires, bapt\u00eames, f\u00eates familiales <br>\u2022 Entreprises : s\u00e9minaires, r\u00e9unions, repas de fin d\u2019ann\u00e9e <br>\u2022 Associations &amp; clubs : repas, assembl\u00e9es g\u00e9n\u00e9rales, \u00e9v\u00e9nements festifs<\/p><\/div><\/div>\n\n\n\n<div class=\"wp-block-uagb-info-box uagb-block-00f85004 uagb-infobox__content-wrap  uagb-infobox-icon-above-title uagb-infobox-image-valign-top\"><div class=\"uagb-ifb-content\"><div class=\"uagb-ifb-title-wrap\"><h3 class=\"uagb-ifb-title\"><strong><strong>Avantage sp\u00e9cial CE et groupes<\/strong><\/strong><\/h3><\/div><p class=\"uagb-ifb-desc\"><img decoding=\"async\" height=\"16\" width=\"16\" src=\"https:\/\/static.xx.fbcdn.net\/images\/emoji.php\/v9\/t8c\/1\/16\/1f389.png\" alt=\"\ud83c\udf89\"> -10% sur la location de la salle ou les s\u00e9jours de groupe pour les comit\u00e9s d\u2019entreprise et associations<br><br>Tarifs sur demande Chaque \u00e9v\u00e9nement est unique\u202f! Contactez nous pour un devis personnalis\u00e9. <br><img decoding=\"async\" height=\"16\" width=\"16\" src=\"https:\/\/static.xx.fbcdn.net\/images\/emoji.php\/v9\/tbe\/1\/16\/1f4e7.png\" alt=\"\ud83d\udce7\"> campingleploaveyron@gmail.com <br><img loading=\"lazy\" decoding=\"async\" height=\"16\" width=\"16\" src=\"https:\/\/static.xx.fbcdn.net\/images\/emoji.php\/v9\/t4d\/1\/16\/1f4de.png\" alt=\"\ud83d\udcde\"> 06\u202f86\u202f63\u202f63\u202f75 <br><img loading=\"lazy\" decoding=\"async\" height=\"16\" width=\"16\" src=\"https:\/\/static.xx.fbcdn.net\/images\/emoji.php\/v9\/taa\/1\/16\/1f310.png\" alt=\"\ud83c\udf10\"> <a href=\"http:\/\/www.camping-leplo.com\/\" target=\"_blank\" rel=\"noreferrer noopener\">www.camping-leplo.com<\/a><\/p><\/div><\/div>\n<\/div>\n<\/div>\n<\/div><\/div>\n\n\n\n<p><\/p>\n\n\n\n<div class=\"wp-block-uagb-container uagb-block-f216545c alignfull uagb-is-root-container\"><div class=\"uagb-container-inner-blocks-wrap\">\n<div class=\"wp-block-uagb-container uagb-block-99ef072f\">\n<figure class=\"wp-block-image size-large\"><img loading=\"lazy\" decoding=\"async\" width=\"1024\" height=\"768\" src=\"https:\/\/campingleplo.fr\/v\/wp-content\/uploads\/2025\/07\/4dce782e-93e1-4fd5-9368-ef38c273ff56-1024x768.jpg\" alt=\"\" class=\"wp-image-1729\" srcset=\"https:\/\/campingleplo.fr\/v\/wp-content\/uploads\/2025\/07\/4dce782e-93e1-4fd5-9368-ef38c273ff56-1024x768.jpg 1024w, https:\/\/campingleplo.fr\/v\/wp-content\/uploads\/2025\/07\/4dce782e-93e1-4fd5-9368-ef38c273ff56-300x225.jpg 300w, https:\/\/campingleplo.fr\/v\/wp-content\/uploads\/2025\/07\/4dce782e-93e1-4fd5-9368-ef38c273ff56-768x576.jpg 768w, https:\/\/campingleplo.fr\/v\/wp-content\/uploads\/2025\/07\/4dce782e-93e1-4fd5-9368-ef38c273ff56-1536x1152.jpg 1536w, https:\/\/campingleplo.fr\/v\/wp-content\/uploads\/2025\/07\/4dce782e-93e1-4fd5-9368-ef38c273ff56-2048x1536.jpg 2048w\" sizes=\"(max-width: 1024px) 100vw, 1024px\" \/><\/figure>\n<\/div>\n\n\n\n<div class=\"wp-block-uagb-container uagb-block-c84f7623\">\n<figure class=\"wp-block-image size-large\"><img loading=\"lazy\" decoding=\"async\" width=\"1024\" height=\"768\" src=\"https:\/\/campingleplo.fr\/v\/wp-content\/uploads\/2025\/07\/0635da79-131e-4c25-8ad1-2eeaf4841fb9-1024x768.jpg\" alt=\"\" class=\"wp-image-1730\" srcset=\"https:\/\/campingleplo.fr\/v\/wp-content\/uploads\/2025\/07\/0635da79-131e-4c25-8ad1-2eeaf4841fb9-1024x768.jpg 1024w, https:\/\/campingleplo.fr\/v\/wp-content\/uploads\/2025\/07\/0635da79-131e-4c25-8ad1-2eeaf4841fb9-300x225.jpg 300w, https:\/\/campingleplo.fr\/v\/wp-content\/uploads\/2025\/07\/0635da79-131e-4c25-8ad1-2eeaf4841fb9-768x576.jpg 768w, https:\/\/campingleplo.fr\/v\/wp-content\/uploads\/2025\/07\/0635da79-131e-4c25-8ad1-2eeaf4841fb9-1536x1153.jpg 1536w, https:\/\/campingleplo.fr\/v\/wp-content\/uploads\/2025\/07\/0635da79-131e-4c25-8ad1-2eeaf4841fb9.jpg 1599w\" sizes=\"(max-width: 1024px) 100vw, 1024px\" \/><\/figure>\n<\/div>\n\n\n\n<div class=\"wp-block-uagb-container uagb-block-acef3bfc\">\n<figure class=\"wp-block-image size-large\"><img loading=\"lazy\" decoding=\"async\" width=\"1024\" height=\"768\" src=\"https:\/\/campingleplo.fr\/v\/wp-content\/uploads\/2025\/07\/2046613a-5ec3-4bad-b7de-f475e782ebcc-1024x768.jpg\" alt=\"\" class=\"wp-image-1731\" srcset=\"https:\/\/campingleplo.fr\/v\/wp-content\/uploads\/2025\/07\/2046613a-5ec3-4bad-b7de-f475e782ebcc-1024x768.jpg 1024w, https:\/\/campingleplo.fr\/v\/wp-content\/uploads\/2025\/07\/2046613a-5ec3-4bad-b7de-f475e782ebcc-300x225.jpg 300w, https:\/\/campingleplo.fr\/v\/wp-content\/uploads\/2025\/07\/2046613a-5ec3-4bad-b7de-f475e782ebcc-768x576.jpg 768w, https:\/\/campingleplo.fr\/v\/wp-content\/uploads\/2025\/07\/2046613a-5ec3-4bad-b7de-f475e782ebcc-1536x1152.jpg 1536w, https:\/\/campingleplo.fr\/v\/wp-content\/uploads\/2025\/07\/2046613a-5ec3-4bad-b7de-f475e782ebcc-2048x1536.jpg 2048w\" sizes=\"(max-width: 1024px) 100vw, 1024px\" \/><\/figure>\n<\/div>\n\n\n\n<div class=\"wp-block-uagb-container uagb-block-c8bb1c1b\">\n<figure class=\"wp-block-image size-large\"><img loading=\"lazy\" decoding=\"async\" width=\"1024\" height=\"768\" src=\"https:\/\/campingleplo.fr\/v\/wp-content\/uploads\/2025\/07\/e470287d-59c0-4aae-aad6-6e7dea0a8da6-1024x768.jpg\" alt=\"\" class=\"wp-image-1732\" srcset=\"https:\/\/campingleplo.fr\/v\/wp-content\/uploads\/2025\/07\/e470287d-59c0-4aae-aad6-6e7dea0a8da6-1024x768.jpg 1024w, https:\/\/campingleplo.fr\/v\/wp-content\/uploads\/2025\/07\/e470287d-59c0-4aae-aad6-6e7dea0a8da6-300x225.jpg 300w, https:\/\/campingleplo.fr\/v\/wp-content\/uploads\/2025\/07\/e470287d-59c0-4aae-aad6-6e7dea0a8da6-768x576.jpg 768w, https:\/\/campingleplo.fr\/v\/wp-content\/uploads\/2025\/07\/e470287d-59c0-4aae-aad6-6e7dea0a8da6-1536x1152.jpg 1536w, https:\/\/campingleplo.fr\/v\/wp-content\/uploads\/2025\/07\/e470287d-59c0-4aae-aad6-6e7dea0a8da6-2048x1536.jpg 2048w\" sizes=\"(max-width: 1024px) 100vw, 1024px\" \/><\/figure>\n<\/div>\n<\/div><\/div>\n\n\n\n<p><\/p>\n","protected":false},"excerpt":{"rendered":"<p>Salle de r\u00e9ception<\/p>\n","protected":false},"author":1,"featured_media":0,"parent":0,"menu_order":0,"comment_status":"closed","ping_status":"closed","template":"","meta":{"_uag_custom_page_level_css":"","site-sidebar-layout":"default","site-content-layout":"","ast-site-content-layout":"default","site-content-style":"default","site-sidebar-style":"default","ast-global-header-display":"","ast-banner-title-visibility":"","ast-main-header-display":"","ast-hfb-above-header-display":"","ast-hfb-below-header-display":"","ast-hfb-mobile-header-display":"","site-post-title":"disabled","ast-breadcrumbs-content":"","ast-featured-img":"","footer-sml-layout":"","ast-disable-related-posts":"","theme-transparent-header-meta":"enabled","adv-header-id-meta":"","stick-header-meta":"","header-above-stick-meta":"","header-main-stick-meta":"","header-below-stick-meta":"","astra-migrate-meta-layouts":"set","ast-page-background-enabled":"default","ast-page-background-meta":{"desktop":{"background-color":"var(--ast-global-color-4)","background-image":"","background-repeat":"repeat","background-position":"center center","background-size":"auto","background-attachment":"scroll","background-type":"","background-media":"","overlay-type":"","overlay-color":"","overlay-opacity":"","overlay-gradient":""},"tablet":{"background-color":"","background-image":"","background-repeat":"repeat","background-position":"center center","background-size":"auto","background-attachment":"scroll","background-type":"","background-media":"","overlay-type":"","overlay-color":"","overlay-opacity":"","overlay-gradient":""},"mobile":{"background-color":"","background-image":"","background-repeat":"repeat","background-position":"center center","background-size":"auto","background-attachment":"scroll","background-type":"","background-media":"","overlay-type":"","overlay-color":"","overlay-opacity":"","overlay-gradient":""}},"ast-content-background-meta":{"desktop":{"background-color":"var(--ast-global-color-5)","background-image":"","background-repeat":"repeat","background-position":"center center","background-size":"auto","background-attachment":"scroll","background-type":"","background-media":"","overlay-type":"","overlay-color":"","overlay-opacity":"","overlay-gradient":""},"tablet":{"background-color":"var(--ast-global-color-5)","background-image":"","background-repeat":"repeat","background-position":"center center","background-size":"auto","background-attachment":"scroll","background-type":"","background-media":"","overlay-type":"","overlay-color":"","overlay-opacity":"","overlay-gradient":""},"mobile":{"background-color":"var(--ast-global-color-5)","background-image":"","background-repeat":"repeat","background-position":"center center","background-size":"auto","background-attachment":"scroll","background-type":"","background-media":"","overlay-type":"","overlay-color":"","overlay-opacity":"","overlay-gradient":""}},"footnotes":""},"class_list":["post-1717","page","type-page","status-publish","hentry"],"yoast_head":"<!-- This site is optimized with the Yoast SEO plugin v27.4 - https:\/\/yoast.com\/product\/yoast-seo-wordpress\/ -->\n<title>Salle de r\u00e9ception - Camping \u2605\u2605\u2605<\/title>\n<meta name=\"robots\" content=\"index, follow, max-snippet:-1, max-image-preview:large, max-video-preview:-1\" \/>\n<link rel=\"canonical\" href=\"https:\/\/campingleplo.fr\/v\/salle-de-reception-2\/\" \/>\n<meta property=\"og:locale\" content=\"fr_FR\" \/>\n<meta property=\"og:type\" content=\"article\" \/>\n<meta property=\"og:title\" content=\"Salle de r\u00e9ception - Camping \u2605\u2605\u2605\" \/>\n<meta property=\"og:description\" content=\"Salle de r\u00e9ception\" \/>\n<meta property=\"og:url\" content=\"https:\/\/campingleplo.fr\/v\/salle-de-reception-2\/\" \/>\n<meta property=\"og:site_name\" content=\"Camping \u2605\u2605\u2605\" \/>\n<meta property=\"article:modified_time\" content=\"2025-07-24T19:57:37+00:00\" \/>\n<meta property=\"og:image\" content=\"https:\/\/campingleplo.fr\/v\/wp-content\/uploads\/2025\/07\/dceecab9-5f18-49fd-92bc-da5a632c27c9-1024x768.jpg\" \/>\n<meta name=\"twitter:card\" content=\"summary_large_image\" \/>\n<meta name=\"twitter:label1\" content=\"Dur\u00e9e de lecture estim\u00e9e\" \/>\n\t<meta name=\"twitter:data1\" content=\"4 minutes\" \/>\n<script type=\"application\/ld+json\" class=\"yoast-schema-graph\">{\"@context\":\"https:\\\/\\\/schema.org\",\"@graph\":[{\"@type\":\"WebPage\",\"@id\":\"https:\\\/\\\/campingleplo.fr\\\/v\\\/salle-de-reception-2\\\/\",\"url\":\"https:\\\/\\\/campingleplo.fr\\\/v\\\/salle-de-reception-2\\\/\",\"name\":\"Salle de r\u00e9ception - Camping \u2605\u2605\u2605\",\"isPartOf\":{\"@id\":\"https:\\\/\\\/campingleplo.fr\\\/v\\\/#website\"},\"primaryImageOfPage\":{\"@id\":\"https:\\\/\\\/campingleplo.fr\\\/v\\\/salle-de-reception-2\\\/#primaryimage\"},\"image\":{\"@id\":\"https:\\\/\\\/campingleplo.fr\\\/v\\\/salle-de-reception-2\\\/#primaryimage\"},\"thumbnailUrl\":\"https:\\\/\\\/campingleplo.fr\\\/v\\\/wp-content\\\/uploads\\\/2025\\\/07\\\/dceecab9-5f18-49fd-92bc-da5a632c27c9-1024x768.jpg\",\"datePublished\":\"2025-07-24T19:21:11+00:00\",\"dateModified\":\"2025-07-24T19:57:37+00:00\",\"breadcrumb\":{\"@id\":\"https:\\\/\\\/campingleplo.fr\\\/v\\\/salle-de-reception-2\\\/#breadcrumb\"},\"inLanguage\":\"fr-FR\",\"potentialAction\":[{\"@type\":\"ReadAction\",\"target\":[\"https:\\\/\\\/campingleplo.fr\\\/v\\\/salle-de-reception-2\\\/\"]}]},{\"@type\":\"ImageObject\",\"inLanguage\":\"fr-FR\",\"@id\":\"https:\\\/\\\/campingleplo.fr\\\/v\\\/salle-de-reception-2\\\/#primaryimage\",\"url\":\"https:\\\/\\\/campingleplo.fr\\\/v\\\/wp-content\\\/uploads\\\/2025\\\/07\\\/dceecab9-5f18-49fd-92bc-da5a632c27c9-scaled.jpg\",\"contentUrl\":\"https:\\\/\\\/campingleplo.fr\\\/v\\\/wp-content\\\/uploads\\\/2025\\\/07\\\/dceecab9-5f18-49fd-92bc-da5a632c27c9-scaled.jpg\",\"width\":2560,\"height\":1920},{\"@type\":\"BreadcrumbList\",\"@id\":\"https:\\\/\\\/campingleplo.fr\\\/v\\\/salle-de-reception-2\\\/#breadcrumb\",\"itemListElement\":[{\"@type\":\"ListItem\",\"position\":1,\"name\":\"Accueil\",\"item\":\"https:\\\/\\\/campingleplo.fr\\\/v\\\/\"},{\"@type\":\"ListItem\",\"position\":2,\"name\":\"Salle de r\u00e9ception\"}]},{\"@type\":\"WebSite\",\"@id\":\"https:\\\/\\\/campingleplo.fr\\\/v\\\/#website\",\"url\":\"https:\\\/\\\/campingleplo.fr\\\/v\\\/\",\"name\":\"Camping Le Pl\u00f4\",\"description\":\"D\u00e9couvrez l\u2019harmonie parfaite entre nature pr\u00e9serv\u00e9e et confort moderne au Camping Le Plo, au c\u0153ur de l\u2019Aveyron.\",\"publisher\":{\"@id\":\"https:\\\/\\\/campingleplo.fr\\\/v\\\/#organization\"},\"alternateName\":\"Camping Le Pl\u00f4\",\"potentialAction\":[{\"@type\":\"SearchAction\",\"target\":{\"@type\":\"EntryPoint\",\"urlTemplate\":\"https:\\\/\\\/campingleplo.fr\\\/v\\\/?s={search_term_string}\"},\"query-input\":{\"@type\":\"PropertyValueSpecification\",\"valueRequired\":true,\"valueName\":\"search_term_string\"}}],\"inLanguage\":\"fr-FR\"},{\"@type\":\"Organization\",\"@id\":\"https:\\\/\\\/campingleplo.fr\\\/v\\\/#organization\",\"name\":\"Camping Le Pl\u00f4\",\"url\":\"https:\\\/\\\/campingleplo.fr\\\/v\\\/\",\"logo\":{\"@type\":\"ImageObject\",\"inLanguage\":\"fr-FR\",\"@id\":\"https:\\\/\\\/campingleplo.fr\\\/v\\\/#\\\/schema\\\/logo\\\/image\\\/\",\"url\":\"https:\\\/\\\/campingleplo.fr\\\/v\\\/wp-content\\\/uploads\\\/2025\\\/09\\\/cropped-cropped-cropped-camping_le_plo_logo.png\",\"contentUrl\":\"https:\\\/\\\/campingleplo.fr\\\/v\\\/wp-content\\\/uploads\\\/2025\\\/09\\\/cropped-cropped-cropped-camping_le_plo_logo.png\",\"width\":512,\"height\":512,\"caption\":\"Camping Le Pl\u00f4\"},\"image\":{\"@id\":\"https:\\\/\\\/campingleplo.fr\\\/v\\\/#\\\/schema\\\/logo\\\/image\\\/\"}}]}<\/script>\n<!-- \/ Yoast SEO plugin. -->","yoast_head_json":{"title":"Salle de r\u00e9ception - Camping \u2605\u2605\u2605","robots":{"index":"index","follow":"follow","max-snippet":"max-snippet:-1","max-image-preview":"max-image-preview:large","max-video-preview":"max-video-preview:-1"},"canonical":"https:\/\/campingleplo.fr\/v\/salle-de-reception-2\/","og_locale":"fr_FR","og_type":"article","og_title":"Salle de r\u00e9ception - Camping \u2605\u2605\u2605","og_description":"Salle de r\u00e9ception","og_url":"https:\/\/campingleplo.fr\/v\/salle-de-reception-2\/","og_site_name":"Camping \u2605\u2605\u2605","article_modified_time":"2025-07-24T19:57:37+00:00","og_image":[{"url":"https:\/\/campingleplo.fr\/v\/wp-content\/uploads\/2025\/07\/dceecab9-5f18-49fd-92bc-da5a632c27c9-1024x768.jpg","type":"","width":"","height":""}],"twitter_card":"summary_large_image","twitter_misc":{"Dur\u00e9e de lecture estim\u00e9e":"4 minutes"},"schema":{"@context":"https:\/\/schema.org","@graph":[{"@type":"WebPage","@id":"https:\/\/campingleplo.fr\/v\/salle-de-reception-2\/","url":"https:\/\/campingleplo.fr\/v\/salle-de-reception-2\/","name":"Salle de r\u00e9ception - Camping \u2605\u2605\u2605","isPartOf":{"@id":"https:\/\/campingleplo.fr\/v\/#website"},"primaryImageOfPage":{"@id":"https:\/\/campingleplo.fr\/v\/salle-de-reception-2\/#primaryimage"},"image":{"@id":"https:\/\/campingleplo.fr\/v\/salle-de-reception-2\/#primaryimage"},"thumbnailUrl":"https:\/\/campingleplo.fr\/v\/wp-content\/uploads\/2025\/07\/dceecab9-5f18-49fd-92bc-da5a632c27c9-1024x768.jpg","datePublished":"2025-07-24T19:21:11+00:00","dateModified":"2025-07-24T19:57:37+00:00","breadcrumb":{"@id":"https:\/\/campingleplo.fr\/v\/salle-de-reception-2\/#breadcrumb"},"inLanguage":"fr-FR","potentialAction":[{"@type":"ReadAction","target":["https:\/\/campingleplo.fr\/v\/salle-de-reception-2\/"]}]},{"@type":"ImageObject","inLanguage":"fr-FR","@id":"https:\/\/campingleplo.fr\/v\/salle-de-reception-2\/#primaryimage","url":"https:\/\/campingleplo.fr\/v\/wp-content\/uploads\/2025\/07\/dceecab9-5f18-49fd-92bc-da5a632c27c9-scaled.jpg","contentUrl":"https:\/\/campingleplo.fr\/v\/wp-content\/uploads\/2025\/07\/dceecab9-5f18-49fd-92bc-da5a632c27c9-scaled.jpg","width":2560,"height":1920},{"@type":"BreadcrumbList","@id":"https:\/\/campingleplo.fr\/v\/salle-de-reception-2\/#breadcrumb","itemListElement":[{"@type":"ListItem","position":1,"name":"Accueil","item":"https:\/\/campingleplo.fr\/v\/"},{"@type":"ListItem","position":2,"name":"Salle de r\u00e9ception"}]},{"@type":"WebSite","@id":"https:\/\/campingleplo.fr\/v\/#website","url":"https:\/\/campingleplo.fr\/v\/","name":"Camping Le Pl\u00f4","description":"D\u00e9couvrez l\u2019harmonie parfaite entre nature pr\u00e9serv\u00e9e et confort moderne au Camping Le Plo, au c\u0153ur de l\u2019Aveyron.","publisher":{"@id":"https:\/\/campingleplo.fr\/v\/#organization"},"alternateName":"Camping Le Pl\u00f4","potentialAction":[{"@type":"SearchAction","target":{"@type":"EntryPoint","urlTemplate":"https:\/\/campingleplo.fr\/v\/?s={search_term_string}"},"query-input":{"@type":"PropertyValueSpecification","valueRequired":true,"valueName":"search_term_string"}}],"inLanguage":"fr-FR"},{"@type":"Organization","@id":"https:\/\/campingleplo.fr\/v\/#organization","name":"Camping Le Pl\u00f4","url":"https:\/\/campingleplo.fr\/v\/","logo":{"@type":"ImageObject","inLanguage":"fr-FR","@id":"https:\/\/campingleplo.fr\/v\/#\/schema\/logo\/image\/","url":"https:\/\/campingleplo.fr\/v\/wp-content\/uploads\/2025\/09\/cropped-cropped-cropped-camping_le_plo_logo.png","contentUrl":"https:\/\/campingleplo.fr\/v\/wp-content\/uploads\/2025\/09\/cropped-cropped-cropped-camping_le_plo_logo.png","width":512,"height":512,"caption":"Camping Le Pl\u00f4"},"image":{"@id":"https:\/\/campingleplo.fr\/v\/#\/schema\/logo\/image\/"}}]}},"uagb_featured_image_src":{"full":false,"thumbnail":false,"medium":false,"medium_large":false,"large":false,"1536x1536":false,"2048x2048":false},"uagb_author_info":{"display_name":"admin_sitaime","author_link":"https:\/\/campingleplo.fr\/v\/author\/admin_sitaime\/"},"uagb_comment_info":0,"uagb_excerpt":"Salle de r\u00e9ception","_links":{"self":[{"href":"https:\/\/campingleplo.fr\/v\/wp-json\/wp\/v2\/pages\/1717","targetHints":{"allow":["GET"]}}],"collection":[{"href":"https:\/\/campingleplo.fr\/v\/wp-json\/wp\/v2\/pages"}],"about":[{"href":"https:\/\/campingleplo.fr\/v\/wp-json\/wp\/v2\/types\/page"}],"author":[{"embeddable":true,"href":"https:\/\/campingleplo.fr\/v\/wp-json\/wp\/v2\/users\/1"}],"replies":[{"embeddable":true,"href":"https:\/\/campingleplo.fr\/v\/wp-json\/wp\/v2\/comments?post=1717"}],"version-history":[{"count":10,"href":"https:\/\/campingleplo.fr\/v\/wp-json\/wp\/v2\/pages\/1717\/revisions"}],"predecessor-version":[{"id":1742,"href":"https:\/\/campingleplo.fr\/v\/wp-json\/wp\/v2\/pages\/1717\/revisions\/1742"}],"wp:attachment":[{"href":"https:\/\/campingleplo.fr\/v\/wp-json\/wp\/v2\/media?parent=1717"}],"curies":[{"name":"wp","href":"https:\/\/api.w.org\/{rel}","templated":true}]}}